{"id":2019,"date":"2023-02-15T10:59:49","date_gmt":"2023-02-15T10:59:49","guid":{"rendered":"https:\/\/seehotel.ch\/vacances-a-forfait\/"},"modified":"2023-08-24T05:24:00","modified_gmt":"2023-08-24T05:24:00","slug":"vacances-a-forfait","status":"publish","type":"page","link":"https:\/\/seehotel.ch\/fr\/vacances-a-forfait\/","title":{"rendered":"Vacances \u00e0 forfait"},"content":{"rendered":"\t\t<div data-elementor-type=\"wp-post\" data-elementor-id=\"2019\" class=\"elementor elementor-2019 elementor-828\">\n\t\t\t\t\t\t<section class=\"elementor-section elementor-top-section elementor-element elementor-element-6229ba4 elementor-section-full_width elementor-section-height-min-height elementor-section-height-default elementor-section-items-middle\" data-id=\"6229ba4\" data-element_type=\"section\" data-settings=\"{&quot;background_background&quot;:&quot;classic&quot;}\">\n\t\t\t\t\t\t\t<div class=\"elementor-background-overlay\"><\/div>\n\t\t\t\t\t\t\t<div class=\"elementor-container elementor-column-gap-default\">\n\t\t\t\t\t<div class=\"elementor-column elementor-col-100 elementor-top-column elementor-element elementor-element-1f66876d\" data-id=\"1f66876d\" data-element_type=\"column\">\n\t\t\t<div class=\"elementor-widget-wrap elementor-element-populated\">\n\t\t\t\t\t\t<div class=\"elementor-element elementor-element-68d1557 elementor-widget elementor-widget-spacer\" data-id=\"68d1557\" data-element_type=\"widget\" data-widget_type=\"spacer.default\">\n\t\t\t\t<div class=\"elementor-widget-container\">\n\t\t\t\t\t<div class=\"elementor-spacer\">\n\t\t\t<div class=\"elementor-spacer-inner\"><\/div>\n\t\t<\/div>\n\t\t\t\t<\/div>\n\t\t\t\t<\/div>\n\t\t\t\t<div class=\"elementor-element elementor-element-321bcc27 elementor-view-default elementor-position-top elementor-invisible elementor-widget elementor-widget-themo-header\" data-id=\"321bcc27\" data-element_type=\"widget\" data-settings=\"{&quot;_animation&quot;:&quot;fadeIn&quot;}\" data-widget_type=\"themo-header.default\">\n\t\t\t\t<div class=\"elementor-widget-container\">\n\t\t\t\t\t<div class=\"th-header-wrap\">\n        <div class=\"elementor-icon-box-wrapper \">\n                            <div class=\"elementor-icon-box-content\">\n                    <h1 class=\"elementor-icon-box-title\">\n                        H\u00f4tel                    <\/h1>\n                                        <p class=\"elementor-icon-box-description\"><\/p>\n\n                                    <\/div>\n            <\/div>\n\n        <\/div>\n\n\t\t\t\t<\/div>\n\t\t\t\t<\/div>\n\t\t\t\t\t<\/div>\n\t\t<\/div>\n\t\t\t\t\t<\/div>\n\t\t<\/section>\n\t\t\t\t<section class=\"elementor-section elementor-top-section elementor-element elementor-element-b692c48 elementor-section-boxed elementor-section-height-default elementor-section-height-default\" data-id=\"b692c48\" data-element_type=\"section\" data-settings=\"{&quot;background_background&quot;:&quot;classic&quot;}\">\n\t\t\t\t\t\t<div class=\"elementor-container elementor-column-gap-default\">\n\t\t\t\t\t<div class=\"elementor-column elementor-col-100 elementor-top-column elementor-element elementor-element-0e56fc0\" data-id=\"0e56fc0\" data-element_type=\"column\">\n\t\t\t<div class=\"elementor-widget-wrap elementor-element-populated\">\n\t\t\t\t\t\t<div class=\"elementor-element elementor-element-bcb2540 elementor-widget elementor-widget-spacer\" data-id=\"bcb2540\" data-element_type=\"widget\" data-widget_type=\"spacer.default\">\n\t\t\t\t<div class=\"elementor-widget-container\">\n\t\t\t\t\t<div class=\"elementor-spacer\">\n\t\t\t<div class=\"elementor-spacer-inner\"><\/div>\n\t\t<\/div>\n\t\t\t\t<\/div>\n\t\t\t\t<\/div>\n\t\t\t\t<div class=\"elementor-element elementor-element-0b6ca97 elementor-view-default elementor-position-top elementor-widget elementor-widget-themo-header\" data-id=\"0b6ca97\" data-element_type=\"widget\" data-widget_type=\"themo-header.default\">\n\t\t\t\t<div class=\"elementor-widget-container\">\n\t\t\t\t\t<div class=\"th-header-wrap\">\n        <div class=\"elementor-icon-box-wrapper \">\n                            <div class=\"elementor-icon-box-content\">\n                    <h2 class=\"elementor-icon-box-title\">\n                        Pauschale Ferien                    <\/h2>\n                                            <span class=\"th-header-divider\"><\/span>\n                                        <p class=\"elementor-icon-box-description\"> <\/p>\n\n                                    <\/div>\n            <\/div>\n\n        <\/div>\n\n\t\t\t\t<\/div>\n\t\t\t\t<\/div>\n\t\t\t\t<div class=\"elementor-element elementor-element-c11b7ee elementor-widget elementor-widget-themo-pricing\" data-id=\"c11b7ee\" data-element_type=\"widget\" data-widget_type=\"themo-pricing.default\">\n\t\t\t\t<div class=\"elementor-widget-container\">\n\t\t\t\n\t\t<div class=\"th-pricing-table th-one-col\">\n\n\t\t\t<div class=\"row\">\n\n\t\t\t\t\n                    \n                    <div class=\"elementor-repeater-item-ab97079 th-pricing-column th-highlight col-sm-6 col-sm-offset-3\">\n\n\t                    \t\t\t\t\t\t\t<div class=\"th-pricing-title\">2 nuits en demi-pension au Seehotel Schiff<\/div>\n\t                    \n\t                    \t                        <div class=\"th-pricing-sub-title\">Carte de vacances 3 jours &quot;Oskar \u00bb<\/div>\n\t                    \n\t                    \t                        <div class=\"th-pricing-cost\">\n\t                            385.-<span> Prix total<\/span>\n\t                        <\/div>\n\t                    \n\t                    \t\t\t\t\t\t\t<div class=\"th-pricing-features\">\n\t\t\t\t\t\t\t\t<ul>\n\t\t\t\t\t\t\t\t\t<li>La \"carte de vacances Oskar de la Suisse de l\u2019Est\" comprend une multitude d'offres gratuites:<\/li>\n<li>Croisi\u00e8re Mannenbach-\u00eele de Reichenau-Schaffhouse-chutes du Rhin<\/li>\n<li> Navigation de Constance-\u00eele de Mainau-Meersburg<\/li>\n<li> Libre circulation des transports publics sur le r\u00e9seau Ostwind, train, bus, tramway<\/li>\n<li> Train a\u00e9rien du S\u00e4ntis<\/li>\n<li>Visites guid\u00e9es de la ville de Schaffhouse, Stein am Rhein, St. Gallen et Arbon<\/li>\n<li>Abbaye avec biblioth\u00e8que \u00e0 Saint-Gall<\/li>\n<li>Sentier du polar \u00e0 Frauenfeld<\/li>\n<li>Mus\u00e9e napol\u00e9onien d'Arenenberg \/ Ch\u00e2teau d'Arenenberg<\/li>\n<li>location de v\u00e9lo \u00e0 la journ\u00e9e<\/li>\n<li>et bien plus encore<\/li>\t\t\t\t\t\t\t\t<\/ul>\n\t\t\t\t\t\t\t<\/div>\n\t                    \n\n                        \n                        <div class=\"th-btn-wrap\">\n\t\t\t\t\t\t\t\t                            \n                                                                            <a class=\"btn-1 btn th-btn btn-ghost-light\" href=\"\/hotel#buchen\">\n                                                                                            Envoyer une demande de r\u00e9servation                                                                                    <\/a>\n                                    \t                            \t                            \t\t\t\t\t\t\t                        <\/div>\n\n\t\t\t\t\t<\/div>\n\n\t\t\t\t\n\t\t\t<\/div>\n\n\t\t<\/div>\n\n\t\t\t\t<\/div>\n\t\t\t\t<\/div>\n\t\t\t\t<div class=\"elementor-element elementor-element-fd6010e elementor-widget elementor-widget-spacer\" data-id=\"fd6010e\" data-element_type=\"widget\" data-widget_type=\"spacer.default\">\n\t\t\t\t<div class=\"elementor-widget-container\">\n\t\t\t\t\t<div class=\"elementor-spacer\">\n\t\t\t<div class=\"elementor-spacer-inner\"><\/div>\n\t\t<\/div>\n\t\t\t\t<\/div>\n\t\t\t\t<\/div>\n\t\t\t\t\t<\/div>\n\t\t<\/div>\n\t\t\t\t\t<\/div>\n\t\t<\/section>\n\t\t\t\t<section class=\"elementor-section elementor-top-section elementor-element elementor-element-8d68f77 elementor-hidden-desktop elementor-hidden-tablet elementor-hidden-mobile elementor-section-boxed elementor-section-height-default elementor-section-height-default\" data-id=\"8d68f77\" data-element_type=\"section\" data-settings=\"{&quot;background_background&quot;:&quot;classic&quot;}\">\n\t\t\t\t\t\t<div class=\"elementor-container elementor-column-gap-default\">\n\t\t\t\t\t<div class=\"elementor-column elementor-col-100 elementor-top-column elementor-element elementor-element-445cf99\" data-id=\"445cf99\" data-element_type=\"column\">\n\t\t\t<div class=\"elementor-widget-wrap elementor-element-populated\">\n\t\t\t\t\t\t<div class=\"elementor-element elementor-element-f228fe7 elementor-widget elementor-widget-spacer\" data-id=\"f228fe7\" data-element_type=\"widget\" data-widget_type=\"spacer.default\">\n\t\t\t\t<div class=\"elementor-widget-container\">\n\t\t\t\t\t<div class=\"elementor-spacer\">\n\t\t\t<div class=\"elementor-spacer-inner\"><\/div>\n\t\t<\/div>\n\t\t\t\t<\/div>\n\t\t\t\t<\/div>\n\t\t\t\t<div class=\"elementor-element elementor-element-6c16f7b elementor-view-default elementor-position-top elementor-widget elementor-widget-themo-header\" data-id=\"6c16f7b\" data-element_type=\"widget\" data-widget_type=\"themo-header.default\">\n\t\t\t\t<div class=\"elementor-widget-container\">\n\t\t\t\t\t<div class=\"th-header-wrap\">\n        <div class=\"elementor-icon-box-wrapper \">\n                            <div class=\"elementor-icon-box-content\">\n                    <h2 class=\"elementor-icon-box-title\">\n                        Prix incluant le petit d\u00e9jeuner                    <\/h2>\n                                            <span class=\"th-header-divider\"><\/span>\n                                        <p class=\"elementor-icon-box-description\"> <\/p>\n\n                                    <\/div>\n            <\/div>\n\n        <\/div>\n\n\t\t\t\t<\/div>\n\t\t\t\t<\/div>\n\t\t\t\t<div class=\"elementor-element elementor-element-ff8156c elementor-widget elementor-widget-themo-pricing\" data-id=\"ff8156c\" data-element_type=\"widget\" data-widget_type=\"themo-pricing.default\">\n\t\t\t\t<div class=\"elementor-widget-container\">\n\t\t\t\n\t\t<div class=\"th-pricing-table th-three-col\">\n\n\t\t\t<div class=\"row\">\n\n\t\t\t\t\n                    \n                    <div class=\"elementor-repeater-item-tiziu9g th-pricing-column col-md-4 col-sm-6\">\n\n\t                    \t\t\t\t\t\t\t<div class=\"th-pricing-title\">Chambre double<\/div>\n\t                    \n\t                    \n\t                    \t                        <div class=\"th-pricing-cost\">\n\t                            125<span>\/par personne<\/span>\n\t                        <\/div>\n\t                    \n\t                    \n\n                        \n                        <div class=\"th-btn-wrap\">\n\t\t\t\t\t\t\t                        <\/div>\n\n\t\t\t\t\t<\/div>\n\n\t\t\t\t\n                    \n                    <div class=\"elementor-repeater-item-ab97079 th-pricing-column th-highlight col-md-4 col-sm-6\">\n\n\t                    \t\t\t\t\t\t\t<div class=\"th-pricing-title\">Chambre double<\/div>\n\t                    \n\t                    \t                        <div class=\"th-pricing-sub-title\">avec vue directe sur le lac<\/div>\n\t                    \n\t                    \t                        <div class=\"th-pricing-cost\">\n\t                            250<span>\/nuit<\/span>\n\t                        <\/div>\n\t                    \n\t                    \n\n                        \n                        <div class=\"th-btn-wrap\">\n\t\t\t\t\t\t\t                        <\/div>\n\n\t\t\t\t\t<\/div>\n\n\t\t\t\t\n                    \n                    <div class=\"elementor-repeater-item-a37e33e th-pricing-column col-md-4 col-sm-6\">\n\n\t                    \t\t\t\t\t\t\t<div class=\"th-pricing-title\">Chambre double<\/div>\n\t                    \n\t                    \t                        <div class=\"th-pricing-sub-title\">\u00e0 usage individuel<\/div>\n\t                    \n\t                    \t                        <div class=\"th-pricing-cost\">\n\t                            -60<span>\/nuit<\/span>\n\t                        <\/div>\n\t                    \n\t                    \n\n                        \n                        <div class=\"th-btn-wrap\">\n\t\t\t\t\t\t\t                        <\/div>\n\n\t\t\t\t\t<\/div>\n\n\t\t\t\t\n\t\t\t<\/div>\n\n\t\t<\/div>\n\n\t\t\t\t<\/div>\n\t\t\t\t<\/div>\n\t\t\t\t<div class=\"elementor-element elementor-element-674959e elementor-widget elementor-widget-themo-pricing\" data-id=\"674959e\" data-element_type=\"widget\" data-widget_type=\"themo-pricing.default\">\n\t\t\t\t<div class=\"elementor-widget-container\">\n\t\t\t\n\t\t<div class=\"th-pricing-table th-three-col\">\n\n\t\t\t<div class=\"row\">\n\n\t\t\t\t\n                    \n                    <div class=\"elementor-repeater-item-tiziu9g th-pricing-column col-md-4 col-sm-6\">\n\n\t                    \t\t\t\t\t\t\t<div class=\"th-pricing-title\">Demi-pension<\/div>\n\t                    \n\t                    \n\t                    \t                        <div class=\"th-pricing-cost\">\n\t                            45<span>\/personne<\/span>\n\t                        <\/div>\n\t                    \n\t                    \n\n                        \n                        <div class=\"th-btn-wrap\">\n\t\t\t\t\t\t\t                        <\/div>\n\n\t\t\t\t\t<\/div>\n\n\t\t\t\t\n                    \n                    <div class=\"elementor-repeater-item-22a5cb2 th-pricing-column col-md-4 col-sm-6\">\n\n\t                    \t\t\t\t\t\t\t<div class=\"th-pricing-title\">Chien<\/div>\n\t                    \n\t                    \t                        <div class=\"th-pricing-sub-title\">sans nourriture<\/div>\n\t                    \n\t                    \t                        <div class=\"th-pricing-cost\">\n\t                            10<span>\/nuit<\/span>\n\t                        <\/div>\n\t                    \n\t                    \n\n                        \n                        <div class=\"th-btn-wrap\">\n\t\t\t\t\t\t\t                        <\/div>\n\n\t\t\t\t\t<\/div>\n\n\t\t\t\t\n                    \n                    <div class=\"elementor-repeater-item-a37e33e th-pricing-column col-md-4 col-sm-6\">\n\n\t                    \t\t\t\t\t\t\t<div class=\"th-pricing-title\">Taxe touristique<\/div>\n\t                    \n\t                    \n\t                    \t                        <div class=\"th-pricing-cost\">\n\t                            2.50<span>\/personne \/ nuit<\/span>\n\t                        <\/div>\n\t                    \n\t                    \n\n                        \n                        <div class=\"th-btn-wrap\">\n\t\t\t\t\t\t\t                        <\/div>\n\n\t\t\t\t\t<\/div>\n\n\t\t\t\t\n\t\t\t<\/div>\n\n\t\t<\/div>\n\n\t\t\t\t<\/div>\n\t\t\t\t<\/div>\n\t\t\t\t\t<\/div>\n\t\t<\/div>\n\t\t\t\t\t<\/div>\n\t\t<\/section>\n\t\t\t\t<section class=\"elementor-section elementor-top-section elementor-element elementor-element-81cf5ef elementor-hidden-desktop elementor-hidden-tablet elementor-hidden-mobile elementor-section-boxed elementor-section-height-default elementor-section-height-default\" data-id=\"81cf5ef\" data-element_type=\"section\" data-settings=\"{&quot;background_background&quot;:&quot;classic&quot;}\">\n\t\t\t\t\t\t<div class=\"elementor-container elementor-column-gap-default\">\n\t\t\t\t\t<div class=\"elementor-column elementor-col-100 elementor-top-column elementor-element elementor-element-7fa5cbd\" data-id=\"7fa5cbd\" data-element_type=\"column\">\n\t\t\t<div class=\"elementor-widget-wrap elementor-element-populated\">\n\t\t\t\t\t\t<div class=\"elementor-element elementor-element-d3a740a elementor-widget elementor-widget-menu-anchor\" data-id=\"d3a740a\" data-element_type=\"widget\" data-widget_type=\"menu-anchor.default\">\n\t\t\t\t<div class=\"elementor-widget-container\">\n\t\t\t\t\t<div class=\"elementor-menu-anchor\" id=\"rserver\"><\/div>\n\t\t\t\t<\/div>\n\t\t\t\t<\/div>\n\t\t\t\t<div class=\"elementor-element elementor-element-5f20aa1 elementor-view-default elementor-position-top elementor-widget elementor-widget-themo-header\" data-id=\"5f20aa1\" data-element_type=\"widget\" data-widget_type=\"themo-header.default\">\n\t\t\t\t<div class=\"elementor-widget-container\">\n\t\t\t\t\t<div class=\"th-header-wrap\">\n        <div class=\"elementor-icon-box-wrapper th-show-icon\">\n                            <div class=\"elementor-icon-box-icon th-icon-size-md\">\n                    <span class=\"elementor-icon \">\n                                            <\/span>\n                <\/div>\n                                <div class=\"elementor-icon-box-content\">\n                    <h2 class=\"elementor-icon-box-title\">\n                        R\u00e9server maintenant                    <\/h2>\n                                            <span class=\"th-header-divider\"><\/span>\n                                        <p class=\"elementor-icon-box-description\"><\/p>\n\n                                    <\/div>\n            <\/div>\n\n        <\/div>\n\n\t\t\t\t<\/div>\n\t\t\t\t<\/div>\n\t\t\t\t<div class=\"elementor-element elementor-element-18600b7 elementor-widget elementor-widget-spacer\" data-id=\"18600b7\" data-element_type=\"widget\" data-widget_type=\"spacer.default\">\n\t\t\t\t<div class=\"elementor-widget-container\">\n\t\t\t\t\t<div class=\"elementor-spacer\">\n\t\t\t<div class=\"elementor-spacer-inner\"><\/div>\n\t\t<\/div>\n\t\t\t\t<\/div>\n\t\t\t\t<\/div>\n\t\t\t\t\t<\/div>\n\t\t<\/div>\n\t\t\t\t\t<\/div>\n\t\t<\/section>\n\t\t\t\t<\/div>\n\t\t","protected":false},"excerpt":{"rendered":"<p>H\u00f4tel Pauschale Ferien 2 nuits en demi-pension au Seehotel Schiff Carte de vacances 3 jours &quot;Oskar \u00bb 385.- Prix total La \u00ab\u00a0carte de vacances Oskar de la Suisse de l\u2019Est\u00a0\u00bb comprend une multitude d&rsquo;offres gratuites: Croisi\u00e8re Mannenbach-\u00eele de Reichenau-Schaffhouse-chutes du &hellip; <a href=\"https:\/\/seehotel.ch\/fr\/vacances-a-forfait\/\">Read More<\/a><\/p>\n","protected":false},"author":1,"featured_media":0,"parent":0,"menu_order":12,"comment_status":"closed","ping_status":"closed","template":"","meta":{"footnotes":""},"yoast_head":"<!-- This site is optimized with the Yoast SEO plugin v22.6 - https:\/\/yoast.com\/wordpress\/plugins\/seo\/ -->\n<title>Vacances \u00e0 forfait - Seehotel<\/title>\n<meta name=\"description\" content=\"H\u00f4tel \u2013 Notre belle terrasse, notre jardin d\u2019hiver out bien notre restaurant amenag\u00e9 avec go\u00fbt et la vue magnifique sur le lac de Constance et l\u2019\u00eele de Reichenau vous mettront dans l\u2019ambiance des vacances.\" \/>\n<meta name=\"robots\" content=\"index, follow, max-snippet:-1, max-image-preview:large, max-video-preview:-1\" \/>\n<link rel=\"canonical\" href=\"https:\/\/seehotel.ch\/fr\/vacances-a-forfait\/\" \/>\n<meta property=\"og:locale\" content=\"fr_FR\" \/>\n<meta property=\"og:type\" content=\"article\" \/>\n<meta property=\"og:title\" content=\"Vacances \u00e0 forfait - Seehotel\" \/>\n<meta property=\"og:description\" content=\"H\u00f4tel \u2013 Notre belle terrasse, notre jardin d\u2019hiver out bien notre restaurant amenag\u00e9 avec go\u00fbt et la vue magnifique sur le lac de Constance et l\u2019\u00eele de Reichenau vous mettront dans l\u2019ambiance des vacances.\" \/>\n<meta property=\"og:url\" content=\"https:\/\/seehotel.ch\/fr\/vacances-a-forfait\/\" \/>\n<meta property=\"og:site_name\" content=\"Seehotel\" \/>\n<meta property=\"article:publisher\" content=\"https:\/\/www.facebook.com\/perleamuntersee\" \/>\n<meta property=\"article:modified_time\" content=\"2023-08-24T05:24:00+00:00\" \/>\n<meta name=\"twitter:card\" content=\"summary_large_image\" \/>\n<meta name=\"twitter:label1\" content=\"Dur\u00e9e de lecture estim\u00e9e\" \/>\n\t<meta name=\"twitter:data1\" content=\"1 minute\" \/>\n<script type=\"application\/ld+json\" class=\"yoast-schema-graph\">{\"@context\":\"https:\/\/schema.org\",\"@graph\":[{\"@type\":\"WebPage\",\"@id\":\"https:\/\/seehotel.ch\/fr\/vacances-a-forfait\/\",\"url\":\"https:\/\/seehotel.ch\/fr\/vacances-a-forfait\/\",\"name\":\"Vacances \u00e0 forfait - Seehotel\",\"isPartOf\":{\"@id\":\"https:\/\/seehotel.ch\/fr\/#website\"},\"datePublished\":\"2023-02-15T10:59:49+00:00\",\"dateModified\":\"2023-08-24T05:24:00+00:00\",\"description\":\"H\u00f4tel \u2013 Notre belle terrasse, notre jardin d\u2019hiver out bien notre restaurant amenag\u00e9 avec go\u00fbt et la vue magnifique sur le lac de Constance et l\u2019\u00eele de Reichenau vous mettront dans l\u2019ambiance des vacances.\",\"breadcrumb\":{\"@id\":\"https:\/\/seehotel.ch\/fr\/vacances-a-forfait\/#breadcrumb\"},\"inLanguage\":\"fr-FR\",\"potentialAction\":[{\"@type\":\"ReadAction\",\"target\":[\"https:\/\/seehotel.ch\/fr\/vacances-a-forfait\/\"]}]},{\"@type\":\"BreadcrumbList\",\"@id\":\"https:\/\/seehotel.ch\/fr\/vacances-a-forfait\/#breadcrumb\",\"itemListElement\":[{\"@type\":\"ListItem\",\"position\":1,\"name\":\"Startseite\",\"item\":\"https:\/\/seehotel.ch\/fr\/home\/\"},{\"@type\":\"ListItem\",\"position\":2,\"name\":\"Vacances \u00e0 forfait\"}]},{\"@type\":\"WebSite\",\"@id\":\"https:\/\/seehotel.ch\/fr\/#website\",\"url\":\"https:\/\/seehotel.ch\/fr\/\",\"name\":\"Seehotel\",\"description\":\"\",\"publisher\":{\"@id\":\"https:\/\/seehotel.ch\/fr\/#organization\"},\"potentialAction\":[{\"@type\":\"SearchAction\",\"target\":{\"@type\":\"EntryPoint\",\"urlTemplate\":\"https:\/\/seehotel.ch\/fr\/?s={search_term_string}\"},\"query-input\":\"required name=search_term_string\"}],\"inLanguage\":\"fr-FR\"},{\"@type\":\"Organization\",\"@id\":\"https:\/\/seehotel.ch\/fr\/#organization\",\"name\":\"Seehotel\",\"url\":\"https:\/\/seehotel.ch\/fr\/\",\"logo\":{\"@type\":\"ImageObject\",\"inLanguage\":\"fr-FR\",\"@id\":\"https:\/\/seehotel.ch\/fr\/#\/schema\/logo\/image\/\",\"url\":\"https:\/\/seehotel.ch\/wp-content\/uploads\/2023\/01\/schiff-logo.png\",\"contentUrl\":\"https:\/\/seehotel.ch\/wp-content\/uploads\/2023\/01\/schiff-logo.png\",\"width\":1220,\"height\":192,\"caption\":\"Seehotel\"},\"image\":{\"@id\":\"https:\/\/seehotel.ch\/fr\/#\/schema\/logo\/image\/\"},\"sameAs\":[\"https:\/\/www.facebook.com\/perleamuntersee\",\"https:\/\/www.instagram.com\/seehotelschiff_mannenbach\/\"]}]}<\/script>\n<!-- \/ Yoast SEO plugin. -->","yoast_head_json":{"title":"Vacances \u00e0 forfait - Seehotel","description":"H\u00f4tel \u2013 Notre belle terrasse, notre jardin d\u2019hiver out bien notre restaurant amenag\u00e9 avec go\u00fbt et la vue magnifique sur le lac de Constance et l\u2019\u00eele de Reichenau vous mettront dans l\u2019ambiance des vacances.","robots":{"index":"index","follow":"follow","max-snippet":"max-snippet:-1","max-image-preview":"max-image-preview:large","max-video-preview":"max-video-preview:-1"},"canonical":"https:\/\/seehotel.ch\/fr\/vacances-a-forfait\/","og_locale":"fr_FR","og_type":"article","og_title":"Vacances \u00e0 forfait - Seehotel","og_description":"H\u00f4tel \u2013 Notre belle terrasse, notre jardin d\u2019hiver out bien notre restaurant amenag\u00e9 avec go\u00fbt et la vue magnifique sur le lac de Constance et l\u2019\u00eele de Reichenau vous mettront dans l\u2019ambiance des vacances.","og_url":"https:\/\/seehotel.ch\/fr\/vacances-a-forfait\/","og_site_name":"Seehotel","article_publisher":"https:\/\/www.facebook.com\/perleamuntersee","article_modified_time":"2023-08-24T05:24:00+00:00","twitter_card":"summary_large_image","twitter_misc":{"Dur\u00e9e de lecture estim\u00e9e":"1 minute"},"schema":{"@context":"https:\/\/schema.org","@graph":[{"@type":"WebPage","@id":"https:\/\/seehotel.ch\/fr\/vacances-a-forfait\/","url":"https:\/\/seehotel.ch\/fr\/vacances-a-forfait\/","name":"Vacances \u00e0 forfait - Seehotel","isPartOf":{"@id":"https:\/\/seehotel.ch\/fr\/#website"},"datePublished":"2023-02-15T10:59:49+00:00","dateModified":"2023-08-24T05:24:00+00:00","description":"H\u00f4tel \u2013 Notre belle terrasse, notre jardin d\u2019hiver out bien notre restaurant amenag\u00e9 avec go\u00fbt et la vue magnifique sur le lac de Constance et l\u2019\u00eele de Reichenau vous mettront dans l\u2019ambiance des vacances.","breadcrumb":{"@id":"https:\/\/seehotel.ch\/fr\/vacances-a-forfait\/#breadcrumb"},"inLanguage":"fr-FR","potentialAction":[{"@type":"ReadAction","target":["https:\/\/seehotel.ch\/fr\/vacances-a-forfait\/"]}]},{"@type":"BreadcrumbList","@id":"https:\/\/seehotel.ch\/fr\/vacances-a-forfait\/#breadcrumb","itemListElement":[{"@type":"ListItem","position":1,"name":"Startseite","item":"https:\/\/seehotel.ch\/fr\/home\/"},{"@type":"ListItem","position":2,"name":"Vacances \u00e0 forfait"}]},{"@type":"WebSite","@id":"https:\/\/seehotel.ch\/fr\/#website","url":"https:\/\/seehotel.ch\/fr\/","name":"Seehotel","description":"","publisher":{"@id":"https:\/\/seehotel.ch\/fr\/#organization"},"potentialAction":[{"@type":"SearchAction","target":{"@type":"EntryPoint","urlTemplate":"https:\/\/seehotel.ch\/fr\/?s={search_term_string}"},"query-input":"required name=search_term_string"}],"inLanguage":"fr-FR"},{"@type":"Organization","@id":"https:\/\/seehotel.ch\/fr\/#organization","name":"Seehotel","url":"https:\/\/seehotel.ch\/fr\/","logo":{"@type":"ImageObject","inLanguage":"fr-FR","@id":"https:\/\/seehotel.ch\/fr\/#\/schema\/logo\/image\/","url":"https:\/\/seehotel.ch\/wp-content\/uploads\/2023\/01\/schiff-logo.png","contentUrl":"https:\/\/seehotel.ch\/wp-content\/uploads\/2023\/01\/schiff-logo.png","width":1220,"height":192,"caption":"Seehotel"},"image":{"@id":"https:\/\/seehotel.ch\/fr\/#\/schema\/logo\/image\/"},"sameAs":["https:\/\/www.facebook.com\/perleamuntersee","https:\/\/www.instagram.com\/seehotelschiff_mannenbach\/"]}]}},"_links":{"self":[{"href":"https:\/\/seehotel.ch\/fr\/wp-json\/wp\/v2\/pages\/2019"}],"collection":[{"href":"https:\/\/seehotel.ch\/fr\/wp-json\/wp\/v2\/pages"}],"about":[{"href":"https:\/\/seehotel.ch\/fr\/wp-json\/wp\/v2\/types\/page"}],"author":[{"embeddable":true,"href":"https:\/\/seehotel.ch\/fr\/wp-json\/wp\/v2\/users\/1"}],"replies":[{"embeddable":true,"href":"https:\/\/seehotel.ch\/fr\/wp-json\/wp\/v2\/comments?post=2019"}],"version-history":[{"count":3,"href":"https:\/\/seehotel.ch\/fr\/wp-json\/wp\/v2\/pages\/2019\/revisions"}],"predecessor-version":[{"id":2022,"href":"https:\/\/seehotel.ch\/fr\/wp-json\/wp\/v2\/pages\/2019\/revisions\/2022"}],"wp:attachment":[{"href":"https:\/\/seehotel.ch\/fr\/wp-json\/wp\/v2\/media?parent=2019"}],"curies":[{"name":"wp","href":"https:\/\/api.w.org\/{rel}","templated":true}]}}